{"id":254,"date":"2018-11-13T06:50:10","date_gmt":"2018-11-13T06:50:10","guid":{"rendered":"https:\/\/epg.unp.edu.pe\/eposgrado\/?page_id=254"},"modified":"2025-08-08T19:47:24","modified_gmt":"2025-08-08T19:47:24","slug":"prododecip","status":"publish","type":"page","link":"https:\/\/epg.unp.edu.pe\/eposgrado\/doctorados\/prododecip\/","title":{"rendered":"Doctorado en Derecho y Ciencias Pol\u00edticas"},"content":{"rendered":"<h2 style=\"text-align: justify;\"><strong>Presentaci\u00f3n<\/strong><\/h2>\n<p style=\"text-align: justify;\">La Escuela de Posgrado de la Universidad Nacional de Piura propone estudios orientados a lograr el grado acad\u00e9mico de Doctor en Derecho. Est\u00e1 estructurado en \u00a0seis semestres acad\u00e9micos, con soporte en la investigaci\u00f3n de los alumnos, alternada con asignaturas de coyuntura de la ciencia jur\u00eddica.<\/p>\n<h3 style=\"text-align: justify;\"><strong>Objetivos<\/strong><\/h3>\n<ul class=\"omsc-icons-ul fa-ul\">\n<li style=\"text-align: justify; margin-left: 20px;\"><i class=\"fa-li fa fa-chevron-right\"><\/i>Formar y perfeccionar profesionales de la Ciencias Jur\u00eddicas y Ciencias Pol\u00edticas, altamente competitivos, con m\u00e9todos y t\u00e9cnicas educativas adecuadas y modernas, que le posibiliten al graduado y titulado disponer de los fundamentos y criterios cient\u00edficos y metodol\u00f3gicos apropiados para la interpretaci\u00f3n, evaluaci\u00f3n y aplicaci\u00f3n de los mismos a su actividad cotidiana, as\u00ed como contribuir directamente en el desarrollo de estas disciplinas en provecho del pa\u00eds.<\/li>\n<li style=\"text-align: justify; margin-left: 20px;\"><i class=\"fa-li fa fa-chevron-right\"><\/i>Coadyuvar a la reafirmaci\u00f3n de profesionales competentes con capacidades, convicciones y sentimientos que conlleve a conocer las pol\u00edticas de la sociedad de la informaci\u00f3n y su interrelaci\u00f3n con la cultura en correspondencia con las exigencias del desarrollo sostenible del mundo en la actualidad.<\/li>\n<\/ul>\n<div class=\"omsc-tabs\"><ul class=\"omsc-tabs-control omsc-clearfix\"><li><a href=\"#tab-plana-docente\"><span>Plana Docente<\/span><\/a><\/li><li><a href=\"#tab-plan-de-estudios\"><span>Plan de Estudios<\/span><\/a><\/li><li><a href=\"#tab-horario-de-clases\"><span>Horario de clases<\/span><\/a><\/li><li><a href=\"#tab-inversion-economica\"><span>Inversi\u00f3n Econ\u00f3mica<\/span><\/a><\/li><\/ul><div class=\"omsc-tabs-tabs\"><\/p>\n<p><div class=\"omsc-tabs-tab omsc-tab-plana-docente\"><\/p>\n<p><div class=\"omsc-toggle\"><div class=\"omsc-toggle-title\"><strong>Guido C\u00e9sar \u00c1guila Grados<\/strong><\/div><div class=\"omsc-toggle-inner\"><\/p>\n<table>\n<tbody>\n<tr>\n<td style=\"width: 180px;\"><img loading=\"lazy\" decoding=\"async\" class=\" wp-image-1858 alignleft\" src=\"https:\/\/epg.unp.edu.pe\/eposgrado\/wp-content\/uploads\/2018\/11\/guido.jpg\" alt=\"guido\" width=\"136\" height=\"204\" \/><\/td>\n<td style=\"text-align: justify;\">Doctor en Derecho por la UNIVALI (Brasil). Mag\u00edster en Derecho Procesal por la Universidad Nacional de Rosario (Argentina). M\u00e1ster en Gerencia y Administraci\u00f3n por la Universidad Peruana de Ciencias Aplicadas (UPC) y la EOI (Espa\u00f1a). Actual Presidente del Consejo Nacional de la Magistratura. Cofundador de la Escuela de Altos Estudios Jur\u00eddicos EGACAL. Docente de Postgrado de la Universidad Nacional Mayor de San Marcos. Docente Visitante de la Universidad Nacional de Rosario (Argentina), Universidad Cat\u00f3lica de Asunci\u00f3n (Paraguay), Universidad de Medell\u00edn (Colombia). Especialista en Argumentaci\u00f3n Jur\u00eddica por la Universidad de Alicante (Espa\u00f1a). Especializado en Tutela Jurisdiccional Efectiva y Debido Proceso en la Pontificia Universidad Cat\u00f3lica del Per\u00fa. Ponente y conferencista a nivel nacional e internacional.<\/td>\n<\/tr>\n<\/tbody>\n<\/table>\n<p><\/div><\/div><\/p>\n<p><div class=\"omsc-toggle\"><div class=\"omsc-toggle-title\"><strong>Javier Villa Stein<\/strong><\/div><div class=\"omsc-toggle-inner\"><\/p>\n<table>\n<tbody>\n<tr>\n<td style=\"width: 180px;\"><img loading=\"lazy\" decoding=\"async\" class=\"aligncenter size-thumbnail wp-image-2563\" src=\"https:\/\/epg.unp.edu.pe\/eposgrado\/wp-content\/uploads\/2018\/11\/javier_vila-150x150.jpg\" alt=\"Villa\" width=\"150\" height=\"150\" \/><\/td>\n<td style=\"text-align: justify;\">Doctor en Derecho por la Universidad Nacional Mayor de San Marcos. Mag\u00edster con Menci\u00f3n en Ciencia Penal por la Universidad Nacional Mayor de San Marcos. Estudios en los cursos extraordinarios de Post grado en la Universidad de Salamanca \u2013 Espa\u00f1a. Juez Supremo. Presidente de la Sala Permanente de la Corte Suprema de Justicia del Per\u00fa. Ex Presidente de la Corte Suprema de Justicia del Per\u00fa. Doctor Honoris Causa por la Universidad Nacional de Piura. Profesor Principal de Derecho penal en Pre y Post grado en la Universidad Nacional Mayor de San Marcos. Profesor en la Universidad San Mart\u00edn de Porres. Autor de diversas publicaciones en Derecho Penal.<\/td>\n<\/tr>\n<\/tbody>\n<\/table>\n<p><\/div><\/div><br \/>\n<div class=\"omsc-toggle\"><div class=\"omsc-toggle-title\"><strong>Jorge Armando Rodr\u00edguez V\u00e9lez<\/strong><\/div><div class=\"omsc-toggle-inner\"><\/p>\n<table>\n<tbody>\n<tr>\n<td style=\"width: 180px;\"><img loading=\"lazy\" decoding=\"async\" class=\" wp-image-1861 alignleft\" src=\"https:\/\/epg.unp.edu.pe\/eposgrado\/wp-content\/uploads\/2018\/11\/jrodriguez-211x300.png\" alt=\"jrodriguez\" width=\"138\" height=\"196\" \/><\/td>\n<td style=\"text-align: justify;\">Ph. D. Atlantic Internacional University, Miami \u2013 EE.UU. Doctor en Derecho por la Universidad Alas Peruanas. Actual Miembro Titular del Pleno del Jurado Nacional de Elecciones. Profesor Ordinario en la categor\u00eda de Auxiliar de la Facultad de Derecho y Ciencias Pol\u00edticas de la USMP. Docente Invitado de la Universidad Inca Garcilaso de la Vega. Docente de la Escuela de Posgrado de la Universidad Nacional de Piura, Universidad San Mart\u00edn de Porres y Universidad Nacional Federico Villareal. Past Asesor externo de la Oficina de Normalizaci\u00f3n Previsional (ONP). Past Asesor externo de INDECOPI. Ponente y conferencista a nivel nacional e internacional.<\/td>\n<\/tr>\n<\/tbody>\n<\/table>\n<p><\/div><\/div><br \/>\n<div class=\"omsc-toggle\"><div class=\"omsc-toggle-title\"><strong>Edwin Figueroa Gutarra<\/strong><\/div><div class=\"omsc-toggle-inner\"><\/p>\n<table>\n<tbody>\n<tr>\n<td style=\"width: 180px;\"><img loading=\"lazy\" decoding=\"async\" class=\"wp-image-1864\" src=\"https:\/\/epg.unp.edu.pe\/eposgrado\/wp-content\/uploads\/2018\/11\/edwin-300x240.jpg\" alt=\"edwin\" width=\"143\" height=\"114\" \/><\/td>\n<td style=\"text-align: justify;\">Doctor en Derecho por la Universidad Nacional Mayor de San Marcos. Actual Juez Superior Titular Sala Constitucional de Lambayeque. Profesor Asociado AMAG. Profesor visitante Doctorado en Derecho Procesal Universidad de Medell\u00edn, Colombia. Profesor Universidad San Mart\u00edn de Porras filial Chiclayo. Profesor de Post Grado de las Universidades Nacional de Trujillo, Nacional de Piura y Pedro Ruiz Gallo de Lambayeque. Becario Consejo General del Poder Judicial de Espa\u00f1a CGPJ y AECID C\u00e1diz 2009, Montevideo 2010 (DD. HH.). Becario American University Programa DD.HH., Washington D.C. 2009.<\/td>\n<\/tr>\n<\/tbody>\n<\/table>\n<p><\/div><\/div><br \/>\n<div class=\"omsc-toggle\"><div class=\"omsc-toggle-title\"><strong>Edhin Campos Barranzuela<\/strong><\/div><div class=\"omsc-toggle-inner\"><\/p>\n<table>\n<tbody>\n<tr>\n<td style=\"width: 180px;\"><img loading=\"lazy\" decoding=\"async\" class=\"size-thumbnail wp-image-1886 alignleft\" src=\"https:\/\/epg.unp.edu.pe\/eposgrado\/wp-content\/uploads\/2018\/11\/edhin-150x150.png\" alt=\"edhin\" width=\"150\" height=\"150\" \/><\/td>\n<td style=\"text-align: justify;\">Phd en Ciencias Legales por la Atlanntic International University, Miami Estados Unidos. Doctor en Derecho y Ciencias Pol\u00edticas, por la Universidad Nacional de Piura. Mag\u00edster en Derecho Civil y Comercial y Magister en Ciencias Penales por la Universidad Nacional de Piura. Actual Jefe de la Oficina Desconcentrada de Control de la Magistratura ODECMA \u2013Ancash. Past Presidente de la Ilustr\u00edsima Corte Superior de Justicia de Ancash. Docente invitado de la Academia de la Magistratura. Miembro del Instituto Nacional de Ciencia Procesal Penal.<\/td>\n<\/tr>\n<\/tbody>\n<\/table>\n<p><\/div><\/div><br \/>\n<div class=\"omsc-toggle\"><div class=\"omsc-toggle-title\"><strong>Giammpol Taboada Pilco<\/strong><\/div><div class=\"omsc-toggle-inner\"><\/p>\n<table>\n<tbody>\n<tr>\n<td style=\"width: 180px;\"><img loading=\"lazy\" decoding=\"async\" class=\"alignleft wp-image-1979\" src=\"https:\/\/epg.unp.edu.pe\/eposgrado\/wp-content\/uploads\/2018\/11\/giampo-300x225.jpg\" alt=\"giampo\" width=\"150\" height=\"150\" \/><\/td>\n<td style=\"text-align: justify;\">Magister en Derecho por la Universidad Privada San Pedro. Mag\u00edster con menci\u00f3n en Derecho del Trabajo y Seguridad Social por la Universidad Nacional de Trujillo. Actual Juez Titular del Tercer Juzgado Penal de Investigaci\u00f3n Preparatoria de Trujillo. Past Consejero representante de los Jueces Especializados y Mixtos ante el Consejo Ejecutivo del Poder Judicial. Ex Responsable de la Oficina Nacional de Justicia de Paz (ONAJUP). Profesor de Pregrado en la Universidad Universidad Particular Antenor Orrego (Trujillo) y Universidad Privada del Norte (Trujillo). Profesor en Maestr\u00eda y Doctorado en la Universidad Nacional Mayor de San Marcos, Universidad Nacional Santiago Antunez de Mayolo (Huaraz), Universidad Nacional Pedro Ruiz Gallo (Lambayeque), Universidad Nacional de Piura, Universidad Privada Antenor Orrego (Trujillo) y Universidad Nacional de Trujillo. Expositor y capacitador en m\u00e1s de 150 eventos acad\u00e9micos en todas las Cortes Superiores de Justicia del Per\u00fa.<\/td>\n<\/tr>\n<\/tbody>\n<\/table>\n<p><\/div><\/div><br \/>\n<div class=\"omsc-toggle\"><div class=\"omsc-toggle-title\"><strong>Javier Wilfredo Huaman\u00ed Mu\u00f1oz<\/strong><\/div><div class=\"omsc-toggle-inner\"><\/p>\n<table>\n<tbody>\n<tr>\n<td style=\"width: 180px;\"><img loading=\"lazy\" decoding=\"async\" class=\" wp-image-1887 alignleft\" src=\"https:\/\/epg.unp.edu.pe\/eposgrado\/wp-content\/uploads\/2018\/11\/javier.png\" alt=\"javier\" width=\"114\" height=\"150\" \/><\/td>\n<td style=\"text-align: justify;\">Ph.D. Legal Estudie \u2013 EE.UU. Doctor en Derecho por la Universidad Alas Peruanas. Magister en Derecho Constitucional por la Universidad Alas Peruanas. Magister en Derecho Penal por la Universidad Nacional de Piura. Actual Fiscal Titular Superior del Callao. Capacitado en Chile, Colombia y Puerto Rico en el Sistema Procesal Penal Acusatorio. Docente de la Academia de la Magistratura. Expositor en Cert\u00e1menes Acad\u00e9micos a nivel nacional.<\/td>\n<\/tr>\n<\/tbody>\n<\/table>\n<p><\/div><\/div><br \/>\n<div class=\"omsc-toggle\"><div class=\"omsc-toggle-title\"><strong>Julio C\u00e9sar Ortiz Huerta<\/strong><\/div><div class=\"omsc-toggle-inner\"><\/p>\n<table>\n<tbody>\n<tr>\n<td style=\"width: 180px;\"><img loading=\"lazy\" decoding=\"async\" class=\" wp-image-1889 alignleft\" src=\"https:\/\/epg.unp.edu.pe\/eposgrado\/wp-content\/uploads\/2018\/11\/julio.jpg\" alt=\"julio\" width=\"135\" height=\"154\" \/><\/td>\n<td style=\"text-align: justify;\">Doctor en Derecho por la Universidad San Mart\u00edn de Porres. Doctor en Educaci\u00f3n por la Universidad San Mart\u00edn de Porres. Actual Especialista en Derecho Civil Comercial y de Transporte. Abogado con m\u00e1s de 18 a\u00f1os de experiencia en asesor\u00eda y consultor\u00eda a nivel gerencial de importantes compa\u00f1\u00edas de los sectores comercial, industrial y de servicios. Profesor en la Facultad de Derecho y Ciencia Pol\u00edtica de la Universidad de San Mart\u00edn de Porres. Profesor en Postgrado de las Universidades Nacional de Piura y Alas Peruanas. Ex Asesor Legal del Grupo Orme\u00f1o. Ex Asesor Legal del Banco Santander Central Hispano.<\/td>\n<\/tr>\n<\/tbody>\n<\/table>\n<p><\/div><\/div><br \/>\n<div class=\"omsc-toggle\"><div class=\"omsc-toggle-title\"><strong>Hernando Montoya Alberti<\/strong><\/div><div class=\"omsc-toggle-inner\"><\/p>\n<table>\n<tbody>\n<tr>\n<td style=\"width: 220px;\"><img loading=\"lazy\" decoding=\"async\" class=\" wp-image-1891 alignleft\" src=\"https:\/\/epg.unp.edu.pe\/eposgrado\/wp-content\/uploads\/2018\/11\/hernando-300x200.jpg\" alt=\"hernando\" width=\"210\" height=\"190\" \/><\/td>\n<td style=\"text-align: justify;\">Doctor en Derecho por la Universidad Nacional Mayor de San Marcos. Especialista por el Programa Especial de Administraci\u00f3n y Finanzas en ESAN. Presidente del Instituto Peruano de derecho Mercantil. Profesor de la Academia de la Magistratura. Profesor de Posgrado de la Universidad Nacional Mayor de San Marcos. Profesor de Derecho Comercial en la Universidad de LIMA y en la Maestr\u00eda de Derecho Empresarial, Civil y Comercial de las Universidades San Mart\u00edn de Porres, Pontificia Universidad Cat\u00f3lica, Nacional de Piura y Nacional de Lambayeque. \u00c1rbitro del Centro de Arbitraje Internacional de la C\u00e1mara de Comercio de Lima. Past Asesor de la Superintendencia del Mercado de Valores para la revisi\u00f3n de la normas sobre Buen Gobierno Corporativo.<\/td>\n<\/tr>\n<\/tbody>\n<\/table>\n<p><\/div><\/div><br \/>\n<div class=\"omsc-toggle\"><div class=\"omsc-toggle-title\"><strong>Jos\u00e9 F\u00e9lix Palomino Manchego<\/strong><\/div><div class=\"omsc-toggle-inner\"><\/p>\n<table>\n<tbody>\n<tr>\n<td style=\"width: 210px;\"><img loading=\"lazy\" decoding=\"async\" class=\" wp-image-1892 alignleft\" src=\"https:\/\/epg.unp.edu.pe\/eposgrado\/wp-content\/uploads\/2018\/11\/jpalomino-300x290.jpg\" alt=\"jpalomino\" width=\"199\" height=\"192\" \/><\/td>\n<td style=\"text-align: justify;\">Doctor en Derecho por la Universidad de Santiago de Compostela. Actual Asesor del Tribunal Constitucional. Actual Asesor Rectoral de la Universidad Inca Garcilaso de la Vega. Profesor Principal de la Academia de la Magistratura. Profesor Principal de la Universidad Nacional Mayor de San Marcos. Profesor Invitado de la Universidad de Lima y Universidad Inca Garcilaso de la Vega. Profesor Visitante de las Universidades Nacional Aut\u00f3noma de M\u00e9xico, Nacional de Buenos Aires y de Santiago de Compostela. Profesor Honoris Causa por la Universidad Nacional de Cajamarca. Profesor Honorario de las Universidades Antonio Guillermo Urrelo, San Pedro de Chimbote, Hu\u00e1nuco, Se\u00f1or de Sip\u00e1n, C\u00e9sar Vallejo y Nacional de Ucayali, entre otras.<\/td>\n<\/tr>\n<\/tbody>\n<\/table>\n<p><\/div><\/div><br \/>\n<div class=\"omsc-toggle\"><div class=\"omsc-toggle-title\"><strong>Gustavo Mois\u00e9s Mej\u00eda Vel\u00e1squez<\/strong><\/div><div class=\"omsc-toggle-inner\"><\/p>\n<table>\n<tbody>\n<tr>\n<td style=\"width: 240px;\"><img loading=\"lazy\" decoding=\"async\" class=\" wp-image-1894 alignleft\" src=\"https:\/\/epg.unp.edu.pe\/eposgrado\/wp-content\/uploads\/2018\/11\/gustavo-300x264.png\" alt=\"gustavo\" width=\"232\" height=\"204\" \/><\/td>\n<td style=\"text-align: justify;\">Doctor en Derecho por la Universidad Alas Peruanas. Magister en Derecho con menci\u00f3n en Derecho Internacional Econ\u00f3mico por la Pontificia Universidad Cat\u00f3lica del Per\u00fa. Especialista en Tributos Internos \u2013 Curso de Administraci\u00f3n Tributaria de la Superintendencia Nacional de Aduanas y de Administraci\u00f3n Tributaria \u2013 SUNAT. Especialista en T\u00e9cnica Aduanera otorgado por la Escuela Nacional de Aduanas. Profesor de Pre Grado y Post Grado de la Universidad Nacional Federico Villareal. Profesor del Doctorado en Derecho en la Escuela de Post Grado de la Universidad San Mart\u00edn de Porres y Universidad Nacional de Piura.<\/td>\n<\/tr>\n<\/tbody>\n<\/table>\n<p><\/div><\/div><br \/>\n<div class=\"omsc-toggle\"><div class=\"omsc-toggle-title\"><strong>Gast\u00f3n Jorge Quevedo Pereyra<\/strong><\/div><div class=\"omsc-toggle-inner\"><\/p>\n<table>\n<tbody>\n<tr>\n<td style=\"width: 180px;\"><img loading=\"lazy\" decoding=\"async\" class=\" wp-image-1895 alignleft\" src=\"https:\/\/epg.unp.edu.pe\/eposgrado\/wp-content\/uploads\/2018\/11\/gaston-225x300.jpg\" alt=\"gaston\" width=\"136\" height=\"181\" \/><\/td>\n<td style=\"text-align: justify;\">Doctor en Derecho por la Universidad Inca Garcilaso de la Vega. Decano de la Facultad de Derecho y Ciencia Pol\u00edtica de la Universidad Peruana de Ciencias e Inform\u00e1tica. Asesor en temas de Derecho Laboral, Administrativo, Municipal, Penal y Tributario, desempe\u00f1ando sus actividades tanto en entidades del Estado y privadas. Especializado en asesor\u00eda, auditoria, control y gesti\u00f3n p\u00fablica. Profesor en Post Grado de las Universidades Peruana de Ciencias e Inform\u00e1tica, Nacional Federico Villareal, Nacional de Cajamarca, Privada Antenor Orrego, Nacional de Piura.<\/td>\n<\/tr>\n<\/tbody>\n<\/table>\n<p><\/div><\/div><br \/>\n<div class=\"omsc-toggle\"><div class=\"omsc-toggle-title\"><strong>Aar\u00f3n Oyarce Yuzzelli<\/strong><\/div><div class=\"omsc-toggle-inner\"><\/p>\n<table>\n<tbody>\n<tr>\n<td style=\"width: 180px;\"><img loading=\"lazy\" decoding=\"async\" class=\" wp-image-1896 alignleft\" src=\"https:\/\/epg.unp.edu.pe\/eposgrado\/wp-content\/uploads\/2018\/11\/aaron-300x225.jpg\" alt=\"aaron\" width=\"166\" height=\"125\" \/><\/td>\n<td style=\"text-align: justify;\">Doctor en Derecho por la Universidad Alas Peruanas. Estudios de Doctorado en Wake Forest University School of Law, Winston-Salem N.C. USA. Actual Vicerrector Acad\u00e9mico de la Universidad Peruana de Las Am\u00e9ricas. Past Decano de la Faultad de Derecho y Ciencia Pol\u00edtica de la Universidad Peruana de Las Am\u00e9ricas. Profesor Invitado de la Universidad San Mart\u00edn de Porres y de la Universidad Privada de Tacna.<\/td>\n<\/tr>\n<\/tbody>\n<\/table>\n<p><\/div><\/div><br \/>\n<div class=\"omsc-toggle\"><div class=\"omsc-toggle-title\"><strong>Eduardo Hernando Nieto<\/strong><\/div><div class=\"omsc-toggle-inner\"><\/p>\n<table>\n<tbody>\n<tr>\n<td style=\"width: 200px;\"><img loading=\"lazy\" decoding=\"async\" class=\" wp-image-1898 alignleft\" src=\"https:\/\/epg.unp.edu.pe\/eposgrado\/wp-content\/uploads\/2018\/11\/eduardonieto.png\" alt=\"1\" width=\"193\" height=\"193\" \/><\/td>\n<td style=\"text-align: justify;\">Doctor en Filosof\u00eda por la Universidad Nacional Mayor de San Marcos, Master en Teor\u00eda Social y Pol\u00edtica por la Universidad de East Anglia, Norwich \u2013 Inglaterra con estudios de postgrado en la Universidad de Exeter Inglaterra y Uppsala (Suecia). Profesor de Argumentaci\u00f3n Jur\u00eddica en la Academia de la Magistratura. Responsable de la Maestr\u00eda en Derecho Constitucional de la Universidad de San Mart\u00edn de Porres. Profesor Ordinario en la Pontifica Universidad Cat\u00f3lica del Per\u00fa. Profesor en Postgrado de la Pontifica Universidad Cat\u00f3lica del Per\u00fa, Universidad San Mart\u00edn de Porres, Universidad Peruana de Ciencias Aplicadas y Universidad Nacional Mayor de San Marcos en las \u00e1reas de Teor\u00eda Constitucional y Teor\u00eda del Derecho.<\/td>\n<\/tr>\n<\/tbody>\n<\/table>\n<p><\/div><\/div><br \/>\n<div class=\"omsc-toggle\"><div class=\"omsc-toggle-title\"><strong>Jos\u00e9 Antonio \u00d1ique De La Puente<\/strong><\/div><div class=\"omsc-toggle-inner\"><\/p>\n<table>\n<tbody>\n<tr>\n<td style=\"width: 210px;\"><img loading=\"lazy\" decoding=\"async\" class=\"size-full wp-image-1899\" src=\"https:\/\/epg.unp.edu.pe\/eposgrado\/wp-content\/uploads\/2018\/11\/jose-an.jpg\" alt=\"jose an\" width=\"200\" height=\"203\" \/><\/td>\n<td>\n<p style=\"text-align: justify;\">Doctor en Derecho por la Universidad Nacional Mayor de San Marcos. Magister en Derecho con Menci\u00f3n en Ciencias Penales por la Universidad Nacional Mayor de San Marcos.<\/p>\n<p style=\"text-align: justify;\">Profesor Principal de la Universidad Nacional Mayor de San Marcos. Profesor de Derecho Internacional P\u00fablico. Introducci\u00f3n al Derecho, Derechos Humanos, Filosof\u00eda del Derecho, Historia General del Derecho, Derecho Romano, Teor\u00eda del Estado. Ex Director de la Escuela Acad\u00e9mico Profesional de Derecho- UNMSM. Primer Director de la Escuela Acad\u00e9mico Profesional de Ciencia Pol\u00edtica \u2013UNMSM (2001). Ex Decano de la Facultad de Derecho y Ciencia Pol\u00edtica de la Universidad Nacional Mayor de San Marcos. Ex Decano del Colegio de Abogados de Lima.<\/p>\n<\/td>\n<\/tr>\n<\/tbody>\n<\/table>\n<p><\/div><\/div><br \/>\n<div class=\"omsc-toggle\"><div class=\"omsc-toggle-title\"><strong>Abelardo Javier Ortiz Sol\u00e9<\/strong><\/div><div class=\"omsc-toggle-inner\"><\/p>\n<table>\n<tbody>\n<tr>\n<td style=\"width: 180px;\"><img loading=\"lazy\" decoding=\"async\" class=\"size-thumbnail wp-image-2047 alignleft\" src=\"https:\/\/epg.unp.edu.pe\/eposgrado\/wp-content\/uploads\/2018\/11\/abelardoortiz-150x150.jpg\" alt=\"Abelardo Ortiz\" width=\"150\" height=\"150\" \/><\/td>\n<td style=\"text-align: justify;\">Doctor en Derecho por la Universidad de Salamanca. Master en Negocio y Derecho de la Energ\u00eda Formaci\u00f3n Cremades &amp; Calvo-Sotelo Centro Universitario Villanueva, adscrito a la Universidad Complutense Madrid. Past Director de Ordenamiento Pesquero y Acu\u00edcola &#8211; Despacho Viceministerial de Pesca y Acuicultura. Actual Docente en la Universidad de Lima. Tambi\u00e9n ha sido Docente en la Universidad Nacional Mayor de San Marcos, y Universidad Tecnol\u00f3gica del Per\u00fa<\/td>\n<\/tr>\n<\/tbody>\n<\/table>\n<p><\/div><\/div><br \/>\n<div class=\"omsc-toggle\"><div class=\"omsc-toggle-title\"><strong>Carlos Alberto Torres Caro<\/strong><\/div><div class=\"omsc-toggle-inner\"><\/p>\n<table>\n<tbody>\n<tr>\n<td style=\"width: 180px;\"><img loading=\"lazy\" decoding=\"async\" class=\" wp-image-1906 alignleft\" src=\"https:\/\/epg.unp.edu.pe\/eposgrado\/wp-content\/uploads\/2018\/11\/tcaro-199x300.jpg\" alt=\"tcaro\" width=\"150\" height=\"226\" \/><\/td>\n<td style=\"text-align: justify;\">Doctor en Derecho\u00a0Cum Laude\u00a0en la Especialidad de Filosof\u00eda, Pol\u00edtica y Moral por la\u00a0Universidad Complutense de Madrid. Especialista en Derechos Humanos Cum Laude, por el Instituto de Derechos Humanos de la Facultad de Derecho de la Universidad Complutense de Madrid. Ex consultante de la Comisi\u00f3n de Derechos Humanos y de la Paz de la\u00a0Unesco\u00a0en Par\u00eds. Ex consultor de Derechos Humanos y Humanitarios de la Organizaci\u00f3n Internacional para las Migraciones. Ex asesor principal de la Comisi\u00f3n de Derechos Humanos del Congreso Constituyente Democr\u00e1tico del Per\u00fa. Ex Fiscal Supremo Penal Adjunto. Ex Asesor Principal de la Fiscal\u00eda de la Naci\u00f3n. Profesor pregrado, maestr\u00eda y\/o doctorado en la\u00a0Universidad Nacional Mayor de San Marcos,\u00a0Pontificia Universidad Cat\u00f3lica del Per\u00fa, Universidad de Lima,\u00a0Universidad San Mart\u00edn de Porres, Universidad Inca Garcilaso de la Vega,\u00a0Universidad Nacional Federico Villarreal, Universidad Nacional de Piura y entre otras.<\/td>\n<\/tr>\n<\/tbody>\n<\/table>\n<p><\/div><\/div><br \/>\n<div class=\"omsc-toggle\"><div class=\"omsc-toggle-title\"><strong>Jos\u00e9 Luis Pacheco De La Cruz<\/strong><\/div><div class=\"omsc-toggle-inner\"><\/p>\n<table>\n<tbody>\n<tr>\n<td style=\"width: 210px;\"><img loading=\"lazy\" decoding=\"async\" class=\" wp-image-2057 alignleft\" src=\"https:\/\/epg.unp.edu.pe\/eposgrado\/wp-content\/uploads\/2018\/11\/josepacheco-150x150.png\" alt=\"Jos\u00e9 Pacheco\" width=\"186\" height=\"186\" \/><\/td>\n<td style=\"text-align: justify;\">Doctor en Derecho y Mag\u00edster en Salud P\u00fablica por la Universidad Nacional Federico Villareal. Especialista en Criminal\u00edstica y Ciencias Forenses por la Universidad Nacional Mayor de San Marcos. Especialista en Investigaci\u00f3n Cient\u00edfica y Tesis. Profesor Principal en la Academia de la Magistratura. Doctor Honoris Causa por la Universidad Nacional Hermilio Valdiz\u00e1n. Profesor ordinario de la Universidad Nacional Mayor de San Marcos. Docente de la Universidad Cient\u00edfica del Sur, Universidad Nolbert Wiener, Universidad Peruana de Los Andes, Universidad Cient\u00edfica del Per\u00fa, Universidad Nacional Hermilio Valdiz\u00e1n, Universidad Nacional de Piura, entre otras. Experiencia acad\u00e9mica en Tokyo, Francia, Miami, New York, Brasil, Chile, Argentina y Ecuador.<\/td>\n<\/tr>\n<\/tbody>\n<\/table>\n<p><\/div><\/div><br \/>\n<div class=\"omsc-toggle\"><div class=\"omsc-toggle-title\"><strong>Mateo G\u00f3mez Matos<\/strong><\/div><div class=\"omsc-toggle-inner\"><\/p>\n<table>\n<tbody>\n<tr>\n<td style=\"width: 210px;\"><img loading=\"lazy\" decoding=\"async\" class=\"aligncenter size-full wp-image-2573\" src=\"https:\/\/epg.unp.edu.pe\/eposgrado\/wp-content\/uploads\/2018\/11\/MATEO-G\u00d3MEZ-MATOS.png\" alt=\"MATEO G\u00d3MEZ MATOS\" width=\"223\" height=\"282\" \/><\/td>\n<td style=\"text-align: justify;\">Doctor en Derecho por la Universidad de Oviedo &#8211; Espa\u00f1a. Past Decano del Ilustre Colegio de Abogados de Piura. Miembro Consejero del Consejo Superior de Arbitraje y \u00e1rbitro del Centro de Arbitraje de la C\u00e1mara de Comercio de Piura. \u00c1rbitro del Centro de arbitraje del Colegio de Ingenieros del Per\u00fa \u2013 CD Piura. Profesor Ordinario de Derecho Civil en el Pre-Grado y en la Maestr\u00eda en Derecho de la Universidad de Piura (UDEP), donde ha sido Director del Programa de Derecho y Director del \u00c1rea de Derecho Civil. Profesor Asociado de la Academia de la Magistratura. Profesor invitado en otras Maestr\u00edas del pa\u00eds. Profesor invitado de la Universidad\u00a0de Oviedo (Espa\u00f1a). Ex Miembro del Tribunal Registral de la Zona Registral I \u2013 SUNARP de Piura y Gerente legal de dicha Oficina. Ex Miembro de la Comisi\u00f3n Descentralizada del INDECOPI en Piura y miembro del Consejo Consultivo de Indecopi Piura. Ha publicado en revistas de su especialidad (Derecho civil patrimonial y Derecho registral) y sendos libros en las editoriales Thompson \u2013 Aranzadi de Espa\u00f1a, La Ley de Argentina y Palestra de Per\u00fa.<br \/>\nPractica el Derecho de manera privada en el \u00e1rea corporativa del Estudio Mu\u00f1iz, Ram\u00edrez, P\u00e9rez-Taiman &amp; Olaya, donde adem\u00e1s es Director de la Oficina de Piura. Es asesor legal de diversas empresas privadas de Piura y de Lima, as\u00ed como de Colegios Profesionales<br \/>\n.<\/td>\n<\/tr>\n<\/tbody>\n<\/table>\n<p><\/div><\/div><br \/>\n<div class=\"omsc-toggle\"><div class=\"omsc-toggle-title\"> <strong>Manuel Enemecio Castillo Venegas<\/strong><\/div><div class=\"omsc-toggle-inner\"><\/p>\n<table>\n<tbody>\n<tr>\n<td style=\"width: 180px;\"><img loading=\"lazy\" decoding=\"async\" class=\" wp-image-1909 alignleft\" src=\"https:\/\/epg.unp.edu.pe\/eposgrado\/wp-content\/uploads\/2018\/11\/maj-300x300.jpg\" alt=\"maj\" width=\"150\" height=\"150\" \/><\/td>\n<td style=\"text-align: justify;\">Doctor en Ciencias Ambientales por la Universidad Nacional de Piura. Mag\u00edster en Docencia Universitaria por la Universidad Nacional de Piura. Mag\u00edster en Derecho con menci\u00f3n en Derecho Civil y Comercial por la Universidad Nacional de Piura. Past Decano de la Facultad de Derecho y Ciencias Pol\u00edticas de la Universidad Nacional de Piura. Docente principal de la Universidad Nacional de Piura. Docente en Maestr\u00eda y Doctorado en la Universidad Nacional de Piura. Ex Vicerrector Acad\u00e9mico de la Comisi\u00f3n reorganizadora de la Universidad Nacional Pedro Ru\u00edz Gallo de Lambayeque.<\/td>\n<\/tr>\n<\/tbody>\n<\/table>\n<p><\/div><\/div><br \/>\n<div class=\"omsc-toggle\"><div class=\"omsc-toggle-title\"><strong>Juan Carlos Negro Balarezo<\/strong><\/div><div class=\"omsc-toggle-inner\"><\/p>\n<table>\n<tbody>\n<tr>\n<td style=\"width: 210px;\"><img loading=\"lazy\" decoding=\"async\" class=\"wp-image-1910\" src=\"https:\/\/epg.unp.edu.pe\/eposgrado\/wp-content\/uploads\/2018\/11\/negrobalarezo-300x158.jpg\" alt=\"Negro Balarezo\" width=\"203\" height=\"107\" \/><\/td>\n<td style=\"text-align: justify;\">Doctor en Derecho y Ciencia Pol\u00edtica por la Universidad Nacional de Piura. Magister en Derecho con Menci\u00f3n en Derecho Civil y Comercial por la Universidad Nacional de Piura. Past Coordinador General del Programa de Doctorado en Derecho y Ciencias Pol\u00edticas de la Universidad Nacional de Piura. Ex Jefe de la Oficina Central de Asesoria Juridica de la Universidad Nacional de Piura. Ex Gerente de Asesor\u00eda Jur\u00eddica de la Municipalidad Provincial de Paita &#8211; Piura. Profesor Ordinario en la Universidad Nacional de Piura. Profesor de Maestr\u00eda y Doctorado en la Universidad Nacional de Piura. Profesor Invitado en la Universidad Los \u00c1ngeles de Chimbote.<\/td>\n<\/tr>\n<\/tbody>\n<\/table>\n<p><\/div><\/div><\/p>\n<p><div class=\"omsc-toggle\"><div class=\"omsc-toggle-title\"><strong>Napole\u00f3n Zapata Avellaneda<\/strong><\/div><div class=\"omsc-toggle-inner\"><\/p>\n<table>\n<tbody>\n<tr>\n<td style=\"width: 180px;\"><img loading=\"lazy\" decoding=\"async\" class=\"wp-image-1980 aligncenter\" src=\"https:\/\/epg.unp.edu.pe\/eposgrado\/wp-content\/uploads\/2018\/11\/napoleon-perfil.jpg\" alt=\"napo\" width=\"149\" height=\"192\" \/><\/td>\n<td style=\"text-align: justify;\">Doctor en Derecho y Ciencias Pol\u00edticas por la Universidad Nacional de Piura. Mag\u00edster en Derecho Civil con Menci\u00f3n en Derecho Civil y Comercial por la Universidad Nacional de Piura. Profesor Principal de la Universidad Nacional de Piura. Docente de Maestr\u00eda y Doctorado por la Universidad Nacional de Piura. Actual \u00c1rbitro de Derecho del Colegio de Ingenieros de Piura y de la C\u00e1mara de Comercio de Piura \u2013 Conciliador Extrajudicial. Ex Director Regional de Trabajo de Piura y Tumbes. Ex Jefe de la Oficina de Asesor\u00eda Legal de la Entidad Prestadora de Servicios de Saneamiento Grau Sociedad An\u00f3nima \u2013 Piura. Ex Presidente de la Comisi\u00f3n de Gobierno de la Facultad de Derecho y Ciencias Pol\u00edticas &#8211; Decano de la Universidad Nacional de Piura.<\/td>\n<\/tr>\n<\/tbody>\n<\/table>\n<p><\/div><\/div><\/p>\n<p><div class=\"omsc-toggle\"><div class=\"omsc-toggle-title\"><strong>Eduardo Mart\u00edn Acosta Yparraguirre<\/strong><\/div><div class=\"omsc-toggle-inner\"><\/p>\n<table>\n<tbody>\n<tr>\n<td style=\"width: 180px;\"><img loading=\"lazy\" decoding=\"async\" class=\"size-thumbnail wp-image-2082 aligncenter\" src=\"https:\/\/epg.unp.edu.pe\/eposgrado\/wp-content\/uploads\/2018\/11\/iparra-150x150.png\" alt=\"iparra\" width=\"150\" height=\"150\" \/><\/td>\n<td style=\"text-align: justify;\">Doctor en Derecho por la Universidad Nacional de Piura y Mag\u00edster en Derecho Civil y Empresarial por la Universidad Privada Antenor Orrego de Trujillo. Actual Asesor Legal de la Notar\u00eda Acosta Iparraguirre. Estudios de Posgrado en Responsabilidad Civil Extracontractual por la Universidad de Castilla, La Mancha \u2013 Espa\u00f1a. Cuenta con un nivel avanzado en idiomas como el ingl\u00e9s, franc\u00e9s y Alemania. Docente en cursos de Filosof\u00eda del Derecho, Derecho Constitucional y Ciencia Pol\u00edtica en la Universidad Nacional de Piura y la Universidad Privada Antenor Orrego.<\/td>\n<\/tr>\n<\/tbody>\n<\/table>\n<p><\/div><\/div><\/p>\n<p>[\/accordion]<br \/>\n<\/div><\/p>\n<p><div class=\"omsc-tabs-tab omsc-tab-plan-de-estudios\"><\/p>\n<table class=\"tabla\" border=\"1\">\n<tbody>\n<tr class=\"encabezado\">\n<td class=\"tab1\"><strong>ASIGNATURA<\/strong><\/td>\n<td class=\"tab1\"><strong>CR\u00c9DITOS<\/strong><\/td>\n<\/tr>\n<tr class=\"resaltado\">\n<td class=\"tab1\" colspan=\"2\"><strong>I CICLO<\/strong><\/td>\n<\/tr>\n<tr class=\"alternar\">\n<td class=\"tab1\">FILOSOF\u00cdA DE LA CIENCIA JUR\u00cdDICA<\/td>\n<td align=\"center\">04<\/td>\n<\/tr>\n<tr class=\"alternar\">\n<td class=\"tab1\">SEMINARIO DE DERECHO CONSTITUCIONAL<\/td>\n<td align=\"center\">04<\/td>\n<\/tr>\n<tr class=\"alternar\">\n<td class=\"tab1\">TEOR\u00cdA DEL ESTADO<\/td>\n<td align=\"center\">04<\/td>\n<\/tr>\n<tr class=\"alternar\">\n<td class=\"tab1\">TESIS I PROYECTO<\/td>\n<td align=\"center\">04<\/td>\n<\/tr>\n<tr class=\"resaltado\">\n<td class=\"tab1\" colspan=\"2\"><strong>II CICLO<\/strong><\/td>\n<\/tr>\n<tr class=\"alternar\">\n<td class=\"tab1\">SEMINARIO DE DERECHO PROCESAL CONSTITUCIONAL<\/td>\n<td align=\"center\">04<\/td>\n<\/tr>\n<tr class=\"alternar\">\n<td class=\"tab1\">SEMINARIO DE DERECHO COMERCIAL<\/td>\n<td align=\"center\">04<\/td>\n<\/tr>\n<tr class=\"alternar\">\n<td class=\"tab1\">PERSPECTIVAS DE ACTUALIZACION DEL DERECHO PENAL<\/td>\n<td align=\"center\">04<\/td>\n<\/tr>\n<tr class=\"alternar\">\n<td class=\"tab1\">TESIS II EJECUCION<\/td>\n<td align=\"center\">04<\/td>\n<\/tr>\n<tr class=\"resaltado\">\n<td class=\"tab1\" colspan=\"2\"><strong>III CICLO<\/strong><\/td>\n<\/tr>\n<tr class=\"alternar\">\n<td class=\"tab1\">SEMINARIO DE DERECHOS HUMANOS<\/td>\n<td align=\"center\">04<\/td>\n<\/tr>\n<tr class=\"alternar\">\n<td class=\"tab1\">SEMINARIO DE DERECHO PENAL ECONOMICO<\/td>\n<td align=\"center\">04<\/td>\n<\/tr>\n<tr class=\"alternar\">\n<td class=\"tab1\">TESIS III EJECUCION<\/td>\n<td align=\"center\">06<\/td>\n<\/tr>\n<tr class=\"resaltado\">\n<td class=\"tab1\" colspan=\"2\"><strong>IV CICLO<\/strong><\/td>\n<\/tr>\n<tr class=\"alternar\">\n<td class=\"tab1\">FUNDAMENTOS SOCIALES Y POL\u00cdTICOS DEL DERECHO<\/td>\n<td align=\"center\">04<\/td>\n<\/tr>\n<tr class=\"alternar\">\n<td class=\"tab1\">NUEVAS TENDENCIAS DEL DERECHO COMERCIAL INTERNACIONAL<\/td>\n<td align=\"center\">04<\/td>\n<\/tr>\n<tr class=\"alternar\">\n<td class=\"tab1\">TESIS IV EJECUCION<\/td>\n<td align=\"center\">08<\/td>\n<\/tr>\n<tr class=\"resaltado\">\n<td class=\"tab1\" colspan=\"2\"><strong>V CICLO<\/strong><\/td>\n<\/tr>\n<tr class=\"alternar\">\n<td class=\"tab1\">SEMINARIO DE POL\u00cdTICA Y NORMATIVIDAD AMBIENTAL<\/td>\n<td align=\"center\">04<\/td>\n<\/tr>\n<tr class=\"alternar\">\n<td class=\"tab1\">TESIS V AN\u00c1LISIS Y DISCUSI\u00d3N<\/td>\n<td align=\"center\">10<\/td>\n<\/tr>\n<tr class=\"resaltado\">\n<td class=\"tab1\" colspan=\"2\"><strong>VI CICLO<\/strong><\/td>\n<\/tr>\n<tr class=\"alternar\">\n<td class=\"tab1\">TESIS VI INFORME FINAL<\/td>\n<td align=\"center\">12<\/td>\n<\/tr>\n<tr class=\"encabezado\">\n<td style=\"text-align: center;\"><strong>TOTAL DE CR\u00c9DITOS<\/strong><\/td>\n<td align=\"center\"><strong>88<\/strong><\/td>\n<\/tr>\n<\/tbody>\n<\/table>\n<p><\/div><\/p>\n<p><div class=\"omsc-tabs-tab omsc-tab-horario-de-clases\"><\/p>\n<table class=\"tablahorario\">\n<tbody>\n<tr>\n<td><strong>S\u00e1bados:<\/strong><\/td>\n<td>9:00 a.m. \u2013 1:00 p.m. y 4:00 p.m. \u2013 8:00 p.m.<\/td>\n<\/tr>\n<tr>\n<td><strong>Domingos:<\/strong><\/td>\n<td>9:00 a.m. \u2013 1:00 p.m.<\/td>\n<\/tr>\n<\/tbody>\n<\/table>\n<p style=\"text-align: justify; margin-left: 10px;\">\n<p><\/div><\/p>\n<p><div class=\"omsc-tabs-tab omsc-tab-inversion-economica\"><\/p>\n<table class=\"tabla\" border=\"1\">\n<tbody>\n<tr class=\"resaltado\" align=\"center\">\n<td><strong>CONCEPTO<\/strong><\/td>\n<td><strong>MONTO<\/strong><\/td>\n<\/tr>\n<tr class=\"alternar\">\n<td class=\"tab1\"><strong>Admisi\u00f3n (\u00fanica)<\/strong><\/td>\n<td align=\"center\">S\/. 798.70<\/td>\n<\/tr>\n<tr class=\"alternar\">\n<td class=\"tab1\"><strong>Matr\u00edcula Anual (3, anuales)<\/strong><\/td>\n<td align=\"center\">S\/. 662<\/td>\n<\/tr>\n<tr class=\"alternar\">\n<td class=\"tab1\"><strong>Pensi\u00f3n de Ense\u00f1anza (36, mensuales)<\/strong><\/td>\n<td align=\"center\">S\/. 525.00<\/td>\n<\/tr>\n<\/tbody>\n<\/table>\n<p><div class=\"omsc-divider omsc-border-large omsc-style-single\" style=\"\"><\/div><\/p>\n<table class=\"tabla\" border=\"1\">\n<tbody>\n<tr class=\"resaltado\" align=\"center\">\n<td colspan=\"2\"><strong>INFORMACI\u00d3N GENERAL<br \/>\nTRANSACCI\u00d3N (9135) &#8211; BANCO DE LA NACI\u00d3N<\/strong><\/td>\n<\/tr>\n<tr class=\"resaltado\" align=\"center\">\n<td><strong>CONCEPTO<\/strong><\/td>\n<td><strong>C\u00d3DIGO<\/strong><\/td>\n<\/tr>\n<tr class=\"alternar\">\n<td class=\"tab1\">Derecho de Admisi\u00f3n<\/td>\n<td align=\"center\">16<\/td>\n<\/tr>\n<tr class=\"alternar\">\n<td class=\"tab1\">Matr\u00edcula de Posgrado<\/td>\n<td align=\"center\">57<\/td>\n<\/tr>\n<tr class=\"alternar\">\n<td class=\"tab1\">Pensi\u00f3n de Ense\u00f1anza Posgrado<\/td>\n<td align=\"center\">96<\/td>\n<\/tr>\n<\/tbody>\n<\/table>\n<ul class=\"omsc-icons-ul fa-ul\">\n<li style=\"text-align: justify;\"><i class=\"fa-li fa fa-check\"><\/i><strong>Los pagos deben ser realizados mediante Ventanilla del Banco de la Naci\u00f3n o Pagalo.pe.<\/strong><\/li>\n<li style=\"text-align: justify;\"><i class=\"fa-li fa fa-check\"><\/i><strong>Realizar los pagos por concepto de Pensi\u00f3n de Ense\u00f1anza Posgrado en un solo voucher (m\u00e1s de una pensi\u00f3n).<\/strong><\/li>\n<li style=\"text-align: justify;\"><i class=\"fa-li fa fa-check\"><\/i><strong>El pago por concepto de Matr\u00edcula se debe realizar en un \u00fanico voucher.<\/strong><\/li>\n<li style=\"text-align: justify;\"><i class=\"fa-li fa fa-check\"><\/i><strong>Los pagos realizados deber\u00e1n ser reportados dentro del mismo mes.<\/strong><\/li>\n<\/ul>\n<p><\/div><br \/>\n<\/div><div class=\"omsc-clear\"><\/div><\/div>\n<a class=\"omsc-button omsc-no-custom-hover omsc-size-medium omsc-with-icon omsc-style-emboss omsc-text-bright\" href=\"https:\/\/drive.google.com\/open?id=1g0GL-1-U--EGVwsxpfMARBgLIyTsABza\" target=\"_blank\" style=\"background-color:#922446;border-color:#922446;color:#ffffff\"><i class=\"fa fa-arrow-circle-o-down\"><\/i>PLAN CURRICULAR<\/a>\n<p><div class=\"omsc-one-half\">\n<iframe loading=\"lazy\" title=\"Embedded post\" src=\"https:\/\/www.linkedin.com\/embed\/feed\/update\/urn:li:ugcPost:6864366519149744128\" width=\"504\" height=\"746\" frameborder=\"0\" allowfullscreen=\"allowfullscreen\"><\/iframe><br \/>\n<div class=\"clear\"><\/div><\/div><div class=\"omsc-one-half omsc-last\">\n<iframe loading=\"lazy\" title=\"Embedded post\" src=\"https:\/\/www.linkedin.com\/embed\/feed\/update\/urn:li:ugcPost:6866552212705861632\" width=\"504\" height=\"797\" frameborder=\"0\" allowfullscreen=\"allowfullscreen\"><\/iframe><br \/>\n<div class=\"clear\"><\/div><\/div><div class=\"omsc-clear\"><\/div><\/p>\n<p><strong>Coordinador del Doctorado (PRODODECIP):<\/strong><br \/>\n<strong>Dr.\u00a0Valentin Soto Llerena <\/strong><br \/>\n<strong>Celular:<\/strong> 999218098<br \/>\n<strong>E-mail:<\/strong> vsotol@unp.edu.pe<\/p>\n<a class=\"omsc-button omsc-no-custom-hover omsc-size-medium omsc-with-icon omsc-style-emboss omsc-text-bright\" href=\"https:\/\/pe.linkedin.com\/in\/valentinsotooficial\" target=\"_blank\" style=\"background-color:#922446;border-color:#922446;color:#ffffff\"><i class=\"fa fa-linkedin-square\"><\/i>Perfil (Linkedin)<\/a>\n<p><strong>Personal Administrativo &#8211; Informes<\/strong><br \/>\n<strong>Walter Terrones Montero<\/strong><br \/>\n<strong>Celular:<\/strong> 961035506<br \/>\n<strong>E-mail:<\/strong> prododecip@unp.edu.pe<\/p>\n<p><strong>Horario de atenci\u00f3n:<\/strong> Lun-Vie: 8:00am &#8211; 3:00pm<\/p>\n<div id=\"directormaestria\" style=\"display: none;\">\n<h1>Dr. Valent\u00edn Rodolfo Soto Llerena<\/h1>\n<\/div>\n<p><a href=\"https:\/\/epg.unp.edu.pe\/eposgrado\/doctorados\/\">&larr; Doctorados<\/a><\/p>","protected":false},"excerpt":{"rendered":"<p>Presentaci\u00f3n La Escuela de Posgrado de la Universidad Nacional de Piura propone estudios orientados a lograr el grado acad\u00e9mico de Doctor en Derecho. Est\u00e1 estructurado en \u00a0seis semestres acad\u00e9micos, con soporte en la investigaci\u00f3n de los alumnos, alternada con asignaturas de coyuntura de la ciencia jur\u00eddica. Objetivos Formar y perfeccionar profesionales de la Ciencias Jur\u00eddicas [&hellip;]<\/p>\n","protected":false},"author":1,"featured_media":1203,"parent":1285,"menu_order":0,"comment_status":"closed","ping_status":"closed","template":"","meta":{"footnotes":""},"categories":[],"tags":[],"class_list":["post-254","page","type-page","status-publish","has-post-thumbnail","hentry"],"_links":{"self":[{"href":"https:\/\/epg.unp.edu.pe\/eposgrado\/wp-json\/wp\/v2\/pages\/254","targetHints":{"allow":["GET"]}}],"collection":[{"href":"https:\/\/epg.unp.edu.pe\/eposgrado\/wp-json\/wp\/v2\/pages"}],"about":[{"href":"https:\/\/epg.unp.edu.pe\/eposgrado\/wp-json\/wp\/v2\/types\/page"}],"author":[{"embeddable":true,"href":"https:\/\/epg.unp.edu.pe\/eposgrado\/wp-json\/wp\/v2\/users\/1"}],"replies":[{"embeddable":true,"href":"https:\/\/epg.unp.edu.pe\/eposgrado\/wp-json\/wp\/v2\/comments?post=254"}],"version-history":[{"count":5,"href":"https:\/\/epg.unp.edu.pe\/eposgrado\/wp-json\/wp\/v2\/pages\/254\/revisions"}],"predecessor-version":[{"id":3936,"href":"https:\/\/epg.unp.edu.pe\/eposgrado\/wp-json\/wp\/v2\/pages\/254\/revisions\/3936"}],"up":[{"embeddable":true,"href":"https:\/\/epg.unp.edu.pe\/eposgrado\/wp-json\/wp\/v2\/pages\/1285"}],"wp:featuredmedia":[{"embeddable":true,"href":"https:\/\/epg.unp.edu.pe\/eposgrado\/wp-json\/wp\/v2\/media\/1203"}],"wp:attachment":[{"href":"https:\/\/epg.unp.edu.pe\/eposgrado\/wp-json\/wp\/v2\/media?parent=254"}],"wp:term":[{"taxonomy":"category","embeddable":true,"href":"https:\/\/epg.unp.edu.pe\/eposgrado\/wp-json\/wp\/v2\/categories?post=254"},{"taxonomy":"post_tag","embeddable":true,"href":"https:\/\/epg.unp.edu.pe\/eposgrado\/wp-json\/wp\/v2\/tags?post=254"}],"curies":[{"name":"wp","href":"https:\/\/api.w.org\/{rel}","templated":true}]}}